{"id":181,"date":"2016-02-10T20:35:38","date_gmt":"2016-02-10T20:35:38","guid":{"rendered":"http:\/\/twentyoneevents.de\/wordpress\/?page_id=181"},"modified":"2020-05-27T18:22:54","modified_gmt":"2020-05-27T18:22:54","slug":"impressum","status":"publish","type":"page","link":"https:\/\/gartenbau-woll.de\/?page_id=181","title":{"rendered":"Impressum"},"content":{"rendered":"<h3 class=\"page-title\"><span style=\"color: inherit; font-size: 1.56em;\">\u00a0<\/span><\/h3>\n<div class=\"row clearfix\">\n<div class=\"col-xs-12 col-sm-12 col-md-12 col-lg-12 column\">\n<h3>Angaben gem\u00e4\u00df \u00a75 TMG<\/h3>\n<p>Woll | Garten- und Landschaftsbau GmbH &amp; Co.KG<br \/>\nAllmendstra\u00dfe 39<br \/>\n79848 Bonndorf im Schwarzwald<\/p>\n<\/div>\n<\/div>\n<div class=\"row clearfix\">\n<div class=\"col-xs-12 col-sm-12 col-md-12 col-lg-12 column\">\n<div class=\"heading-int normal bottom-20 top-20\">\n<h3>Kontakt<\/h3>\n<\/div>\n<\/div>\n<\/div>\n<div class=\"row clearfix\">\n<div class=\"col-xs-12 col-sm-12 col-md-12 col-lg-12 column\">\n<p>Registergericht Freiburg, HRA 705432<br \/>\nPers\u00f6nlich haftende Gesellschafterin<br \/>\nGesch\u00e4ftsf\u00fchrungs-GmbH<br \/>\nRegistergericht Freiburg, HRA 717515<br \/>\nIHK-Nr. 40029606<\/p>\n<p>Gesch\u00e4ftsf\u00fchrer: Woll Matthias, Woll Guido<\/p>\n<p>Telefon: +49 (0) 7703 1796<br \/>\nTelefax: +49 (0) 7703 8746<\/p>\n<p>E-Mail: info(at)gartenbau-woll.de<\/p>\n<p>Um \u00fcber die angegebene E-Mail-Adresse Kontakt mit uns aufzunehmen, ben\u00f6tigen Sie ein eingerichtetes E-Mailprogramm auf Ihrem Rechner oder verwenden Sie unser Kontaktformular.<\/p>\n<\/div>\n<\/div>\n<div class=\"row clearfix\">\n<div class=\"col-xs-12 col-sm-12 col-md-12 col-lg-12 column\">\n<div class=\"heading-int normal bottom-20 top-20\">\n<h3>Umsatzsteuer<\/h3>\n<\/div>\n<\/div>\n<\/div>\n<div class=\"row clearfix\">\n<div class=\"col-xs-12 col-sm-12 col-md-12 col-lg-12 column\">\n<p>Umsatzsteuer-Identifikationsnummer gem\u00e4\u00df \u00a727 a Umsatzsteuergesetz:<br \/>\nDE 142874487<\/p>\n<p>Steuernummer<br \/>\n2046602108<\/p>\n<\/div>\n<div class=\"row clearfix\">\n<div class=\"col-xs-12 col-sm-12 col-md-12 col-lg-12 column\">\n<div class=\"heading-int normal bottom-20 top-20\">\n<h3>Gestaltung &amp; Konzeptionierung<\/h3>\n<\/div>\n<\/div>\n<\/div>\n<div class=\"row clearfix\">\n<div class=\"col-xs-12 col-sm-12 col-md-12 col-lg-12 column\">\n<p>twentyONEmedia &#8211; EVENTS | GRAFIK | AUDIO<br \/>\n<a href=\"http:\/\/www.twentyonemedia.de\" target=\"_blank\" rel=\"noopener noreferrer\">www.twentyonemedia.de<\/a><\/p>\n<\/div>\n<\/div>\n<\/div>\n<div class=\"row clearfix\">\n<div class=\"col-xs-12 col-sm-12 col-md-12 col-lg-12 column\">\n<div class=\"heading-int normal bottom-20 top-20\">\n<h3>Bildnachweis<\/h3>\n<\/div>\n<\/div>\n<\/div>\n<div class=\"row clearfix\">\n<div class=\"col-xs-12 col-sm-12 col-md-12 col-lg-12 column\">\n<p>Auf den Seiten verwendete Bilder und Fotos sind entweder selbst fotografiert, werden mit freundlicher Genehmigung der jeweiligen Lieferanten und Partner verwendet oder wurden bei Fotolia gekauft. Alle Bilder und Fotos d\u00fcrfen weder kopiert noch in irgendeiner anderen Weise vervielf\u00e4ltigt werden.<\/p>\n<\/div>\n<\/div>\n<div class=\"row clearfix\">\n<div class=\"col-xs-12 col-sm-12 col-md-12 col-lg-12 column\">\n<div class=\"heading-int normal bottom-20 top-20\">\n<h3>Haftung f\u00fcr Inhalte<\/h3>\n<\/div>\n<\/div>\n<\/div>\n<div class=\"row clearfix\">\n<div class=\"col-xs-12 col-sm-12 col-md-12 col-lg-12 column\">\n<p>Als Diensteanbieter sind wir gem\u00e4\u00df \u00a7 7 Abs.1 TMG f\u00fcr eigene Inhalte auf diesen Seiten nach den allgemeinen Gesetzen verantwortlich. Nach \u00a7\u00a7 8 bis 10 TMG sind wir als Diensteanbieter jedoch nicht verpflichtet, \u00fcbermittelte oder gespeicherte fremde Informationen zu \u00fcberwachen oder nach Umst\u00e4nden zu forschen, die auf eine rechtswidrige T\u00e4tigkeit hinweisen.<\/p>\n<p>Verpflichtungen zur Entfernung oder Sperrung der Nutzung von Informationen nach den allgemeinen Gesetzen bleiben hiervon unber\u00fchrt. Eine diesbez\u00fcgliche Haftung ist jedoch erst ab dem Zeitpunkt der Kenntnis einer konkreten Rechtsverletzung m\u00f6glich. Bei Bekanntwerden von entsprechenden Rechtsverletzungen werden wir diese Inhalte umgehend entfernen.<\/p>\n<\/div>\n<\/div>\n<div class=\"row clearfix\">\n<div class=\"col-xs-12 col-sm-12 col-md-12 col-lg-12 column\">\n<div class=\"heading-int normal bottom-20 top-20\">\n<h3>Haftung f\u00fcr Links<\/h3>\n<\/div>\n<\/div>\n<\/div>\n<div class=\"row clearfix\">\n<div class=\"col-xs-12 col-sm-12 col-md-12 col-lg-12 column\">\n<p>Unser Angebot enth\u00e4lt Links zu externen Websites Dritter, auf deren Inhalte wir keinen Einfluss haben. Deshalb k\u00f6nnen wir f\u00fcr diese fremden Inhalte auch keine Gew\u00e4hr \u00fcbernehmen. F\u00fcr die Inhalte der verlinkten Seiten ist stets der jeweilige Anbieter oder Betreiber der Seiten verantwortlich. Die verlinkten Seiten wurden zum Zeitpunkt der Verlinkung auf m\u00f6gliche Rechtsverst\u00f6\u00dfe \u00fcberpr\u00fcft. Rechtswidrige Inhalte waren zum Zeitpunkt der Verlinkung nicht erkennbar.<\/p>\n<p>Eine permanente inhaltliche Kontrolle der verlinkten Seiten ist jedoch ohne konkrete Anhaltspunkte einer Rechtsverletzung nicht zumutbar. Bei Bekanntwerden von Rechtsverletzungen werden wir derartige Links umgehend entfernen.<\/p>\n<p>Die Rechte an allen Fotos liegen, soweit nicht anders angegeben, bei Woll Garten-\u00a0und Landschaftsbau GmbH.<\/p>\n<p>Social Media<\/p>\n<p>Das hier aufgef\u00fchrte Impressum gilt ausdr\u00fccklich auch f\u00fcr die Social Media Pr\u00e4senzen von gartenbau-woll.de. Erreichbar bei Facebook, Twitter und Google+.<\/p>\n<\/div>\n<\/div>\n<div class=\"row clearfix\">\n<div class=\"col-xs-12 col-sm-12 col-md-12 col-lg-12 column\">\n<div class=\"heading-int normal bottom-20 top-20\">\n<h3>Urheberrecht<\/h3>\n<\/div>\n<\/div>\n<\/div>\n<div class=\"row clearfix\">\n<div class=\"col-xs-12 col-sm-12 col-md-12 col-lg-12 column\">\n<p>Die durch die Seitenbetreiber erstellten Inhalte und Werke auf diesen Seiten unterliegen dem deutschen Urheberrecht. Die Vervielf\u00e4ltigung, Bearbeitung, Verbreitung und jede Art der Verwertung au\u00dferhalb der Grenzen des Urheberrechtes bed\u00fcrfen der schriftlichen Zustimmung des jeweiligen Autors bzw. Erstellers. Downloads und Kopien dieser Seite sind nur f\u00fcr den privaten, nicht kommerziellen Gebrauch gestattet.<\/p>\n<p>Soweit die Inhalte auf dieser Seite nicht vom Betreiber erstellt wurden, werden die Urheberrechte Dritter beachtet. Insbesondere werden Inhalte Dritter als solche gekennzeichnet. Sollten Sie trotzdem auf eine Urheberrechtsverletzung aufmerksam werden, bitten wir um einen entsprechenden Hinweis. Bei Bekanntwerden von Rechtsverletzungen werden wir derartige Inhalte umgehend entfernen.<\/p>\n<\/div>\n<\/div>\n<p style=\"text-align: justify;\">Vielen Dank f\u00fcr Ihr Interesse an unserem Onlineauftritt. Der Schutz Ihrer pers\u00f6nlichen Daten liegt uns sehr am Herzen. An dieser Stelle m\u00f6chten wir Sie daher \u00fcber den Datenschutz in unserem Unternehmen informieren.<\/p>\n<p style=\"text-align: justify;\">Die vorliegende Erkl\u00e4rung zum Datenschutz gilt ausschlie\u00dflich f\u00fcr die Homepage www.gartenbau-woll.de und f\u00fcr die von uns betriebenen Social Media Accounts. Webseiten anderer Anbieter, welche mit unserer Homepage verlinkt sind, unterliegen nicht dieser Erkl\u00e4rung. Entsprechende Hinweise finden sich gegebenenfalls auf den Seiten des jeweiligen Anbieters.<\/p>\n<p style=\"text-align: justify;\">Woll\u00a0| Garten- und Landschaftsbau GmbH, der Betreiber des Online-Verzeichnisses www.gartenbau-woll.de nimmt den Schutz Ihrer pers\u00f6nlichen Daten sehr ernst und beachtet bei der Erhebung, Verarbeitung und Nutzung von pers\u00f6nlichen und personenbezogenen Daten ihrer Nutzer alle datenschutzrechtlichen Vorschriften. Woll | Garten- und Landschaftsbau GmbH verpflichtet sich, die Daten zu sch\u00fctzen, und achtet die gesetzlichen Bestimmungen zum Datenschutz, insbesondere das Telemediengesetz (TMG) und Bundesdatenschutzgesetz (BDSG) sowie anderer einschl\u00e4gige Rechtsvorschriften.<\/p>\n<h3 style=\"text-align: justify;\">Gegenstand des Datenschutzes<\/h3>\n<p style=\"text-align: justify;\">Gegenstand des Datenschutzes sind personenbezogene Daten. Diese sind nach \u00a7 3 Abs. 1 BDSG Einzelangaben \u00fcber pers\u00f6nliche oder sachliche Verh\u00e4ltnisse einer bestimmten oder bestimmbaren nat\u00fcrlichen Person. Hierunter fallen z. B. Angaben wie Name, Post-Adresse, E- Mail-Adresse oder Telefonnummer, ggf. aber auch Nutzungsdaten wie Ihre IP-Adresse.<\/p>\n<h3 style=\"text-align: justify;\">Cookies<\/h3>\n<p style=\"text-align: justify;\">Wenn Sie das Portal als Nutzer besuchen, verwenden wir ggf. Cookies. Hierbei handelt es sich um kleine Datenpakete, die mit Hilfe Ihres Browsers auf Ihrer Festplatte gespeichert und automatisch gel\u00f6scht werden, sobald Sie sich ausloggen oder Ihren Browser schlie\u00dfen. Unsere Werbepartner setzen zur Optimierung der Schaltung von Werbeanzeigen teilweise ebenfalls Cookies ein, wobei diese Daten nicht dazu benutzt werden, den Besucher dieser Website pers\u00f6nlich zu identifizieren und nicht mit personenbezogenen Daten zusammengef\u00fchrt werden. Der Zweck des Einsatzes dieser Cookies besteht darin, Ihnen eine optimale Benutzerf\u00fchrung anbieten zu k\u00f6nnen sowie Sie \u201ewiederzuerkennen\u201c. Eine Nutzung unserer Angebote ist auch ohne Cookies m\u00f6glich. Sie k\u00f6nnen in Ihrem Browser das Speichern von Cookies deaktivieren, auf bestimmte Websites beschr\u00e4nken oder Ihren Browser so einstellen, dass er Sie benachrichtigt, sobald ein Cookie gesendet wird. Sie k\u00f6nnen Cookies auch jederzeit von der Festplatte Ihres PC l\u00f6schen (Ordner: \u201eCookies\u201c). Bitte beachten Sie aber, dass Sie in diesem Fall mit einer eingeschr\u00e4nkten Darstellung der Seite und mit einer eingeschr\u00e4nkten Benutzerf\u00fchrung rechnen m\u00fcssen.<\/p>\n<p style=\"text-align: justify;\">Verwendung von Facebook\/Twitter Social Plugins<br \/>\nUnser Internetauftritt verwendet Social Plugins (\u201ePlugins\u201c) des sozialen Netzwerkes facebook.com (\u201eFacebook\u201c) und des sozialen Netzwerkes twitter.com (\u201eTwitter\u201c). Die Plugins sind mit einem Facebook-Logo bzw. Twitter-Logo gekennzeichnet.<\/p>\n<h3 style=\"text-align: justify;\">Facebook<\/h3>\n<p style=\"text-align: justify;\">Der Internetauftritt des Online-Verzeichnisses verwendet auf der gesamten Homepage Social Plugins (\u201ePlugins\u201c), u.a. des sozialen Netzwerkes facebook.com, welches von der Facebook Inc., 1601 S. California Ave, Palo Alto, CA 94304, USA betrieben wird (\u201eFacebook\u201c). Die Plugins sind mit einem Facebook Logo gekennzeichnet. Wenn Sie eine Webseite unseres Online-Verzeichnisses aufrufen, in welche ein solches Plugin integriert ist, baut Ihr Browser eine direkte Verbindung mit den Servern von Facebook auf. Der Inhalt des Plugins wird von Facebook direkt an Ihren Browser \u00fcbermittelt und von diesem in die Webseite eingebunden. Durch die Einbindung der Plugins erh\u00e4lt Facebook die Information, dass Sie die entsprechende Seite unseres Online-Verzeichnisses aufgerufen haben. Sofern Sie gleichzeitig bei Facebook eingeloggt sind, kann Facebook den Besuch Ihrem Facebook-Konto zuordnen. Wenn Sie mit den Plugins interagieren, zum Beispiel den \u201eGef\u00e4llt mir\u201c Button bet\u00e4tigen oder einen Kommentar abgeben, wird die entsprechende Information von Ihrem Browser direkt an Facebook \u00fcbermittelt und dort gespeichert. Zweck und Umfang der Datenerhebung und die weitere Verarbeitung und Nutzung der Daten durch Facebook sowie Ihre diesbez\u00fcglichen Rechte und Einstellungsm\u00f6glichkeiten zum Schutz Ihrer Privatsph\u00e4re entnehmen Sie bitte den Datenschutzhinweisen von Facebook in der jeweils g\u00fcltigen Form. Sofern Sie nicht m\u00f6chten, dass Facebook \u00fcber unseren Internetauftritt Daten \u00fcber Sie sammelt, sollten Sie sich vor Ihrem Besuch unseres Internetauftritts bei Facebook ausloggen.<\/p>\n<h3 style=\"text-align: justify;\">Twitter<\/h3>\n<p style=\"text-align: justify;\">Twitter und die Re-Tweet-Funktionen sind ein Angebot der Twitter, Inc. Bei der Nutzung der Re &#8211; Tweet-Funktionen werden Informationen \u00fcber die von Ihnen benutzte Website anderen zug\u00e4nglich gemacht und mit Ihrem Twitter-Account verbunden. Werden Sie \u201efollower\u201c des Twitter-Profils des jeweiligen Portals, k\u00f6nnen Sie \u00fcber den Twitter-Service vom jeweiligen Portal kontaktiert werden. Es gelten die Datenschutzhinweise von Twitter. Zweck und Umfang der Datenerhebung und die weitere Verarbeitung und Nutzung der Daten durch Facebook\/Twitter sowie Ihre diesbez\u00fcglichen Rechte und Einstellungsm\u00f6glichkeiten zum Schutz Ihrer Privatsph\u00e4re entnehmen Sie bitte den Datenschutzhinweisen von Facebook\/Twitter.<\/p>\n<h3 style=\"text-align: justify;\">Google Analytics<\/h3>\n<p style=\"text-align: justify;\">Diese Webseite benutzt Google Analytics, einen Webanalysedienst der Google Inc. (\u201eGoogle\u201c). Google Analytics verwendet sog. \u201eCookies\u201c, Textdateien, die auf Ihrem Computer gespeichert werden und die eine Analyse der Benutzung der Website durch Sie erm\u00f6glichen. Die durch den Cookie erzeugten Informationen \u00fcber Ihre Benutzung dieser Website (einschlie\u00dflich Ihrer IP-Adresse) werden in der Regel an einen Server von Google in den USA \u00fcbertragen und dort gespeichert. Im Falle der Aktivierung der IP-Anonymisierung auf dieser Webseite, wird Ihre IP-Adresse von Google jedoch innerhalb von Mitgliedstaaten der Europ\u00e4ischen Union oder in anderen Vertragsstaaten des Abkommens \u00fcber den Europ\u00e4ischen Wirtschaftsraum zuvor gek\u00fcrzt. Nur in Ausnahmef\u00e4llen wird die volle IP-Adresse an einen Server von Google in den USA \u00fcbertragen und dort gek\u00fcrzt. Im Auftrag des Betreibers dieser Webseite wird Google diese Informationen benutzen, um Ihre Nutzung der Website auszuwerten, um Reports \u00fcber die Websiteaktivit\u00e4ten f\u00fcr den Webseitenbetreiber zusammenzustellen und um weitere mit der Websitenutzung und der Internetnutzung verbundene Dienstleistungen zu erbringen. Auch wird Google diese Informationen gegebenenfalls an Dritte \u00fcbertragen, sofern dies gesetzlich vorgeschrieben oder soweit Dritte diese Daten im Auftrag von Google verarbeiten. Google wird in keinem Fall Ihre IP-Adresse mit anderen Daten von Google in Verbindung bringen. Sie k\u00f6nnen die Speicherung der Cookies durch eine entsprechende Einstellung Ihrer Browser Software verhindern; wir weisen Sie jedoch darauf hin, dass Sie in diesem Fall gegebenenfalls nicht s\u00e4mtliche Funktionen dieser Website vollumf\u00e4nglich nutzen k\u00f6nnen. Sie k\u00f6nnen dar\u00fcber hinaus die Erfassung der durch das Cookie erzeugten und auf Ihre Nutzung der Website bezogenen Daten (inkl. Ihrer IP-Adresse) an Google sowie die Verarbeitung dieser Daten durch Google verhindern, indem sie das unter dem folgenden Link verf\u00fcgbare Browser-Plugin herunterladen und installieren http:\/\/tools.google.com\/dlpage\/gaoptout?hl=de. Durch die Nutzung dieser Website erkl\u00e4ren Sie sich mit der Bearbeitung der \u00fcber Sie erhobenen Daten durch Google in der zuvor beschriebenen Art und Weise und zu dem zuvor benannten Zweck einverstanden.<\/p>\n<h3 style=\"text-align: justify;\">Sicherheit<\/h3>\n<p style=\"text-align: justify;\">Die Firma Woll | Garten- und Landschaftsbau GmbH sch\u00fctzt ihre Anlagen und Systeme gegen fremde Zugriffe und stellt diesen Schutz insbesondere durch technische und organisatorische Ma\u00dfnahmen sicher. In jedem Fall haben unsererseits nur berechtigte Personen Zugriff zu Ihren pers\u00f6nlichen Daten und dies auch nur insoweit, als es im Rahmen der Nutzung der Website und zu oben genannten Zwecke erforderlich ist.<\/p>\n<p>Quelle <a href=\"https:\/\/www.e-recht24.de\/\" target=\"_blank\" rel=\"noopener noreferrer\">eRecht24<\/a><\/p>\n","protected":false},"excerpt":{"rendered":"<p>\u00a0 Angaben gem\u00e4\u00df \u00a75 TMG Woll | Garten- und Landschaftsbau GmbH &amp; Co.KG Allmendstra\u00dfe 39 79848 Bonndorf im Schwarzwald Kontakt Registergericht Freiburg, HRA 705432 Pers\u00f6nlich haftende Gesellschafterin Gesch\u00e4ftsf\u00fchrungs-GmbH Registergericht Freiburg, HRA 717515 IHK-Nr. 40029606 Gesch\u00e4ftsf\u00fchrer: Woll Matthias, Woll Guido Telefon: +49 (0) 7703 1796 Telefax: +49 (0) 7703 8746 E-Mail: info(at)gartenbau-woll.de Um \u00fcber die angegebene&#8230; <\/p>\n","protected":false},"author":1,"featured_media":0,"parent":0,"menu_order":0,"comment_status":"closed","ping_status":"closed","template":"full-width.php","meta":[],"yoast_head":"<!-- This site is optimized with the Yoast SEO plugin v19.8 - https:\/\/yoast.com\/wordpress\/plugins\/seo\/ -->\n<title>Impressum - Woll | Garten- &amp; Landschaftsbau<\/title>\n<meta name=\"robots\" content=\"index, follow, max-snippet:-1, max-image-preview:large, max-video-preview:-1\" \/>\n<link rel=\"canonical\" href=\"https:\/\/gartenbau-woll.de\/?page_id=181\" \/>\n<meta property=\"og:locale\" content=\"de_DE\" \/>\n<meta property=\"og:type\" content=\"article\" \/>\n<meta property=\"og:title\" content=\"Impressum - Woll | Garten- &amp; Landschaftsbau\" \/>\n<meta property=\"og:description\" content=\"\u00a0 Angaben gem\u00e4\u00df \u00a75 TMG Woll | Garten- und Landschaftsbau GmbH &amp; Co.KG Allmendstra\u00dfe 39 79848 Bonndorf im Schwarzwald Kontakt Registergericht Freiburg, HRA 705432 Pers\u00f6nlich haftende Gesellschafterin Gesch\u00e4ftsf\u00fchrungs-GmbH Registergericht Freiburg, HRA 717515 IHK-Nr. 40029606 Gesch\u00e4ftsf\u00fchrer: Woll Matthias, Woll Guido Telefon: +49 (0) 7703 1796 Telefax: +49 (0) 7703 8746 E-Mail: info(at)gartenbau-woll.de Um \u00fcber die angegebene...\" \/>\n<meta property=\"og:url\" content=\"https:\/\/gartenbau-woll.de\/?page_id=181\" \/>\n<meta property=\"og:site_name\" content=\"Woll | Garten- &amp; Landschaftsbau\" \/>\n<meta property=\"article:publisher\" content=\"https:\/\/www.facebook.com\/Gartenbauwoll\/\" \/>\n<meta property=\"article:modified_time\" content=\"2020-05-27T18:22:54+00:00\" \/>\n<meta name=\"twitter:card\" content=\"summary_large_image\" \/>\n<meta name=\"twitter:label1\" content=\"Gesch\u00e4tzte Lesezeit\" \/>\n\t<meta name=\"twitter:data1\" content=\"8\u00a0Minuten\" \/>\n<script type=\"application\/ld+json\" class=\"yoast-schema-graph\">{\"@context\":\"https:\/\/schema.org\",\"@graph\":[{\"@type\":\"WebPage\",\"@id\":\"https:\/\/gartenbau-woll.de\/?page_id=181\",\"url\":\"https:\/\/gartenbau-woll.de\/?page_id=181\",\"name\":\"Impressum - Woll | Garten- &amp; Landschaftsbau\",\"isPartOf\":{\"@id\":\"https:\/\/gartenbau-woll.de\/#website\"},\"datePublished\":\"2016-02-10T20:35:38+00:00\",\"dateModified\":\"2020-05-27T18:22:54+00:00\",\"breadcrumb\":{\"@id\":\"https:\/\/gartenbau-woll.de\/?page_id=181#breadcrumb\"},\"inLanguage\":\"de\",\"potentialAction\":[{\"@type\":\"ReadAction\",\"target\":[\"https:\/\/gartenbau-woll.de\/?page_id=181\"]}]},{\"@type\":\"BreadcrumbList\",\"@id\":\"https:\/\/gartenbau-woll.de\/?page_id=181#breadcrumb\",\"itemListElement\":[{\"@type\":\"ListItem\",\"position\":1,\"name\":\"Startseite\",\"item\":\"https:\/\/gartenbau-woll.de\/\"},{\"@type\":\"ListItem\",\"position\":2,\"name\":\"Impressum\"}]},{\"@type\":\"WebSite\",\"@id\":\"https:\/\/gartenbau-woll.de\/#website\",\"url\":\"https:\/\/gartenbau-woll.de\/\",\"name\":\"Woll | Garten- und Landschaftsbau\",\"description\":\"\",\"publisher\":{\"@id\":\"https:\/\/gartenbau-woll.de\/#organization\"},\"potentialAction\":[{\"@type\":\"SearchAction\",\"target\":{\"@type\":\"EntryPoint\",\"urlTemplate\":\"https:\/\/gartenbau-woll.de\/?s={search_term_string}\"},\"query-input\":\"required name=search_term_string\"}],\"inLanguage\":\"de\"},{\"@type\":\"Organization\",\"@id\":\"https:\/\/gartenbau-woll.de\/#organization\",\"name\":\"Woll | Garten- und Landschaftsbau\",\"url\":\"https:\/\/gartenbau-woll.de\/\",\"sameAs\":[\"https:\/\/www.facebook.com\/Gartenbauwoll\/\"],\"logo\":{\"@type\":\"ImageObject\",\"inLanguage\":\"de\",\"@id\":\"https:\/\/gartenbau-woll.de\/#\/schema\/logo\/image\/\",\"url\":\"https:\/\/www.gartenbau-woll.de\/wp-content\/uploads\/2021\/04\/logo_weiss.png\",\"contentUrl\":\"https:\/\/www.gartenbau-woll.de\/wp-content\/uploads\/2021\/04\/logo_weiss.png\",\"width\":1116,\"height\":1116,\"caption\":\"Woll | Garten- und Landschaftsbau\"},\"image\":{\"@id\":\"https:\/\/gartenbau-woll.de\/#\/schema\/logo\/image\/\"}}]}<\/script>\n<!-- \/ Yoast SEO plugin. -->","yoast_head_json":{"title":"Impressum - Woll | Garten- &amp; Landschaftsbau","robots":{"index":"index","follow":"follow","max-snippet":"max-snippet:-1","max-image-preview":"max-image-preview:large","max-video-preview":"max-video-preview:-1"},"canonical":"https:\/\/gartenbau-woll.de\/?page_id=181","og_locale":"de_DE","og_type":"article","og_title":"Impressum - Woll | Garten- &amp; Landschaftsbau","og_description":"\u00a0 Angaben gem\u00e4\u00df \u00a75 TMG Woll | Garten- und Landschaftsbau GmbH &amp; Co.KG Allmendstra\u00dfe 39 79848 Bonndorf im Schwarzwald Kontakt Registergericht Freiburg, HRA 705432 Pers\u00f6nlich haftende Gesellschafterin Gesch\u00e4ftsf\u00fchrungs-GmbH Registergericht Freiburg, HRA 717515 IHK-Nr. 40029606 Gesch\u00e4ftsf\u00fchrer: Woll Matthias, Woll Guido Telefon: +49 (0) 7703 1796 Telefax: +49 (0) 7703 8746 E-Mail: info(at)gartenbau-woll.de Um \u00fcber die angegebene...","og_url":"https:\/\/gartenbau-woll.de\/?page_id=181","og_site_name":"Woll | Garten- &amp; Landschaftsbau","article_publisher":"https:\/\/www.facebook.com\/Gartenbauwoll\/","article_modified_time":"2020-05-27T18:22:54+00:00","twitter_card":"summary_large_image","twitter_misc":{"Gesch\u00e4tzte Lesezeit":"8\u00a0Minuten"},"schema":{"@context":"https:\/\/schema.org","@graph":[{"@type":"WebPage","@id":"https:\/\/gartenbau-woll.de\/?page_id=181","url":"https:\/\/gartenbau-woll.de\/?page_id=181","name":"Impressum - Woll | Garten- &amp; Landschaftsbau","isPartOf":{"@id":"https:\/\/gartenbau-woll.de\/#website"},"datePublished":"2016-02-10T20:35:38+00:00","dateModified":"2020-05-27T18:22:54+00:00","breadcrumb":{"@id":"https:\/\/gartenbau-woll.de\/?page_id=181#breadcrumb"},"inLanguage":"de","potentialAction":[{"@type":"ReadAction","target":["https:\/\/gartenbau-woll.de\/?page_id=181"]}]},{"@type":"BreadcrumbList","@id":"https:\/\/gartenbau-woll.de\/?page_id=181#breadcrumb","itemListElement":[{"@type":"ListItem","position":1,"name":"Startseite","item":"https:\/\/gartenbau-woll.de\/"},{"@type":"ListItem","position":2,"name":"Impressum"}]},{"@type":"WebSite","@id":"https:\/\/gartenbau-woll.de\/#website","url":"https:\/\/gartenbau-woll.de\/","name":"Woll | Garten- und Landschaftsbau","description":"","publisher":{"@id":"https:\/\/gartenbau-woll.de\/#organization"},"potentialAction":[{"@type":"SearchAction","target":{"@type":"EntryPoint","urlTemplate":"https:\/\/gartenbau-woll.de\/?s={search_term_string}"},"query-input":"required name=search_term_string"}],"inLanguage":"de"},{"@type":"Organization","@id":"https:\/\/gartenbau-woll.de\/#organization","name":"Woll | Garten- und Landschaftsbau","url":"https:\/\/gartenbau-woll.de\/","sameAs":["https:\/\/www.facebook.com\/Gartenbauwoll\/"],"logo":{"@type":"ImageObject","inLanguage":"de","@id":"https:\/\/gartenbau-woll.de\/#\/schema\/logo\/image\/","url":"https:\/\/www.gartenbau-woll.de\/wp-content\/uploads\/2021\/04\/logo_weiss.png","contentUrl":"https:\/\/www.gartenbau-woll.de\/wp-content\/uploads\/2021\/04\/logo_weiss.png","width":1116,"height":1116,"caption":"Woll | Garten- und Landschaftsbau"},"image":{"@id":"https:\/\/gartenbau-woll.de\/#\/schema\/logo\/image\/"}}]}},"_links":{"self":[{"href":"https:\/\/gartenbau-woll.de\/index.php?rest_route=\/wp\/v2\/pages\/181"}],"collection":[{"href":"https:\/\/gartenbau-woll.de\/index.php?rest_route=\/wp\/v2\/pages"}],"about":[{"href":"https:\/\/gartenbau-woll.de\/index.php?rest_route=\/wp\/v2\/types\/page"}],"author":[{"embeddable":true,"href":"https:\/\/gartenbau-woll.de\/index.php?rest_route=\/wp\/v2\/users\/1"}],"replies":[{"embeddable":true,"href":"https:\/\/gartenbau-woll.de\/index.php?rest_route=%2Fwp%2Fv2%2Fcomments&post=181"}],"version-history":[{"count":16,"href":"https:\/\/gartenbau-woll.de\/index.php?rest_route=\/wp\/v2\/pages\/181\/revisions"}],"predecessor-version":[{"id":530,"href":"https:\/\/gartenbau-woll.de\/index.php?rest_route=\/wp\/v2\/pages\/181\/revisions\/530"}],"wp:attachment":[{"href":"https:\/\/gartenbau-woll.de\/index.php?rest_route=%2Fwp%2Fv2%2Fmedia&parent=181"}],"curies":[{"name":"wp","href":"https:\/\/api.w.org\/{rel}","templated":true}]}}