{"id":150,"date":"2016-02-10T16:39:54","date_gmt":"2016-02-10T16:39:54","guid":{"rendered":"http:\/\/twentyoneevents.de\/wordpress\/?page_id=150"},"modified":"2022-01-19T09:52:06","modified_gmt":"2022-01-19T09:52:06","slug":"stellenangebote","status":"publish","type":"page","link":"https:\/\/gartenbau-woll.de\/?page_id=150","title":{"rendered":"Stellenangebote"},"content":{"rendered":"\n<p>  <\/p>\n\n\n\n<div class=\"wp-block-image\"><figure class=\"aligncenter size-large is-resized\"><img loading=\"lazy\" src=\"https:\/\/www.gartenbau-woll.de\/wp-content\/uploads\/2020\/04\/stellenanzeige-1024x219.jpg\" alt=\"\" class=\"wp-image-378\" width=\"1450\" height=\"310\" srcset=\"https:\/\/gartenbau-woll.de\/wp-content\/uploads\/2020\/04\/stellenanzeige-1024x219.jpg 1024w, https:\/\/gartenbau-woll.de\/wp-content\/uploads\/2020\/04\/stellenanzeige-300x64.jpg 300w, https:\/\/gartenbau-woll.de\/wp-content\/uploads\/2020\/04\/stellenanzeige-768x164.jpg 768w, https:\/\/gartenbau-woll.de\/wp-content\/uploads\/2020\/04\/stellenanzeige-1536x328.jpg 1536w, https:\/\/gartenbau-woll.de\/wp-content\/uploads\/2020\/04\/stellenanzeige.jpg 1920w\" sizes=\"(max-width: 1450px) 100vw, 1450px\" \/><\/figure><\/div>\n\n\n<ul>\n<li>Vorarbeiter-\/in oder Meister-\/in im Garten- &amp; Landschaftsbau<\/li>\n<\/ul>\n<p class=\"widget-title\">Wir suchen Verst\u00e4rkung f\u00fcr unser Team! F\u00fcr unseren Leistungsbereich Garten- und Landschaftsbau suchen wir ab sofort einen motivierten und kreativen Mitarbeiter.<br \/>Wir sind ein mittelst\u00e4ndiges Unternehmen mit 22 Mitarbeitern. Seit 40 Jahren sind wir erfolgreich im Gewerbe- &amp; Privatgartenbereich t\u00e4tig.<\/p>\n<p class=\"widget-title\">Dein Einsatzort: im Ort und Umgebung<\/p>\n<p class=\"widget-title\">Dein Einsatzbeginn: ab sofort<\/p>\n<p class=\"widget-title\">Deine Arbeitszeit: Vollzeit unbefristet, 39h\/Woche<\/p>\n<p class=\"widget-title\">Dein Profil:<br \/>*abgeschlossene Meisterausbildung im Garten- und Landschaftsbau oder vergleichbar<br \/>*Berufserfahrung <br \/>*F\u00fchrerschein bis 3,5 t und\/oder \u00fcber 3,5 t und mit Anh\u00e4nger<\/p>\n<p>Wir bieten Ihnen eine interessante und abwechslungsreiche T\u00e4tigkeit, einen sicheren Arbeitsplatz sowie eine leistunsbezogene und tariforientierte Verg\u00fctung.<\/p>\n<p class=\"widget-title\"><strong>Ihre Bewerbung senden Sie bitte an:<\/strong><\/p>\n<p>per Mail: <a href=\"mailto:info@gartenbau-woll.de\">info@gartenbau-woll.de<\/a><\/p>\n<p>per Post:<br \/>Woll | Garten- und Landschaftsbau GmbH &amp; Co.KG<br \/>Guido Woll<br \/>Allmendstra\u00dfe 41<br \/>79848 Bonndorf<\/p>\n<p>Telefon: +49 (0) 7703 1796<br \/>Telefax: +49 (0) 7703 8746<\/p>\n<p>E-Mail: <a href=\"mailto:info@gartenbau-woll.de\">info@gartenbau-woll.de<\/a><br \/>Web: www.gartenbau-woll.de<\/p>\n<div>\u00a0<\/div>\n<p>\u00a0<\/p>\n<ul>\n<li>Facharbeiter-\/in im Garten- &amp; Landschaftsbau<\/li>\n<\/ul>\n<p class=\"widget-title\">Wir suchen Verst\u00e4rkung f\u00fcr unser Team! F\u00fcr unseren Leistungsbereich Garten- und Landschaftsbau suchen wir ab sofort einen motivierten und kreativen Mitarbeiter.<br \/>Wir sind ein mittelst\u00e4ndiges Unternehmen mit 22 Mitarbeitern. Seit 40 Jahren sind wir erfolgreich im Gewerbe- &amp; Privatgartenbereich t\u00e4tig.<\/p>\n<p class=\"widget-title\">Dein Einsatzort: im Ort und Umgebung<\/p>\n<p class=\"widget-title\">Dein Einsatzbeginn: ab sofort<\/p>\n<p class=\"widget-title\">Deine Arbeitszeit: Vollzeit unbefristet, 39h\/Woche<\/p>\n<p class=\"widget-title\">Dein Profil:<br \/>*abgeschlossene Berufsausbildung als G\u00e4rtner im Garten- und Landschaftsbau<br \/>*Berufserfahrung <br \/>*F\u00fchrerschein bis 3,5 t und\/oder \u00fcber 3,5 t und mit Anh\u00e4nger<\/p>\n<p>Wir bieten Ihnen eine interessante und abwechslungsreiche T\u00e4tigkeit, einen sicheren Arbeitsplatz sowie eine leistunsbezogene und tariforientierte Verg\u00fctung.<\/p>\n<p class=\"widget-title\"><strong>Ihre Bewerbung senden Sie bitte an:<\/strong><\/p>\n<p>per Mail: <a href=\"mailto:info@gartenbau-woll.de\">info@gartenbau-woll.de<\/a><\/p>\n<p>per Post:<br \/>Woll | Garten- und Landschaftsbau GmbH &amp; Co.KG<br \/>Guido Woll<br \/>Allmendstra\u00dfe 41<br \/>79848 Bonndorf<\/p>\n<p>Telefon: +49 (0) 7703 1796<br \/>Telefax: +49 (0) 7703 8746<\/p>\n<p>E-Mail: <a href=\"mailto:info@gartenbau-woll.de\">info@gartenbau-woll.de<\/a><br \/>Web: www.gartenbau-woll.de<\/p>\n<p>\u00a0<\/p>\n<p>\u00a0<\/p>\n<ul>\n<li>Bauhelfer-\/in im Garten- &amp; Landschaftsbau<\/li>\n<\/ul>\n<p class=\"widget-title\">Wir suchen Verst\u00e4rkung f\u00fcr unser Team! F\u00fcr unseren Leistungsbereich Garten- und Landschaftsbau suchen wir ab sofort einen motivierten und kreativen Mitarbeiter.<br \/>Wir sind ein mittelst\u00e4ndiges Unternehmen mit 22 Mitarbeitern. Seit 40 Jahren sind wir erfolgreich im Gewerbe- &amp; Privatgartenbereich t\u00e4tig.<\/p>\n<p class=\"widget-title\">Dein Einsatzort: im Ort und Umgebung<\/p>\n<p class=\"widget-title\">Dein Einsatzbeginn: ab sofort<\/p>\n<p class=\"widget-title\">Deine Arbeitszeit: Vollzeit unbefristet, 39h\/Woche<\/p>\n<p class=\"widget-title\">Dein Profil:<br \/>* Handwerkliches Geschick und Teamf\u00e4higkeit<br \/>* Lust auf neue Herausforderungen<br \/>* gerne Vorerfahrung im Gartenbau<\/p>\n<p>Wir bieten Ihnen eine interessante und abwechslungsreiche T\u00e4tigkeit, einen sicheren Arbeitsplatz sowie eine leistunsbezogene und tariforientierte Verg\u00fctung.<\/p>\n<p class=\"widget-title\"><strong>Ihre Bewerbung senden Sie bitte an:<\/strong><\/p>\n<p>per Mail: <a href=\"mailto:info@gartenbau-woll.de\">info@gartenbau-woll.de<\/a><\/p>\n<p>per Post:<br \/>Woll | Garten- und Landschaftsbau GmbH &amp; Co.KG<br \/>Guido Woll<br \/>Allmendstra\u00dfe 41<br \/>79848 Bonndorf<\/p>\n<p>Telefon: +49 (0) 7703 1796<br \/>Telefax: +49 (0) 7703 8746<\/p>\n<p>E-Mail: <a href=\"mailto:info@gartenbau-woll.de\">info@gartenbau-woll.de<\/a><br \/>Web: www.gartenbau-woll.de<\/p>\n<div>\u00a0<\/div>\n\n\n<p><\/p>\n","protected":false},"excerpt":{"rendered":"<p>Vorarbeiter-\/in oder Meister-\/in im Garten- &amp; Landschaftsbau Wir suchen Verst\u00e4rkung f\u00fcr unser Team! F\u00fcr unseren Leistungsbereich Garten- und Landschaftsbau suchen wir ab sofort einen motivierten und kreativen Mitarbeiter.Wir sind ein mittelst\u00e4ndiges Unternehmen mit 22 Mitarbeitern. Seit 40 Jahren sind wir erfolgreich im Gewerbe- &amp; Privatgartenbereich t\u00e4tig. Dein Einsatzort: im Ort und Umgebung Dein Einsatzbeginn: ab&#8230; <\/p>\n","protected":false},"author":1,"featured_media":0,"parent":0,"menu_order":0,"comment_status":"closed","ping_status":"closed","template":"","meta":[],"yoast_head":"<!-- This site is optimized with the Yoast SEO plugin v19.8 - https:\/\/yoast.com\/wordpress\/plugins\/seo\/ -->\n<title>Stellenangebote - Woll | Garten- &amp; Landschaftsbau<\/title>\n<meta name=\"robots\" content=\"index, follow, max-snippet:-1, max-image-preview:large, max-video-preview:-1\" \/>\n<link rel=\"canonical\" href=\"https:\/\/gartenbau-woll.de\/?page_id=150\" \/>\n<meta property=\"og:locale\" content=\"de_DE\" \/>\n<meta property=\"og:type\" content=\"article\" \/>\n<meta property=\"og:title\" content=\"Stellenangebote - Woll | Garten- &amp; Landschaftsbau\" \/>\n<meta property=\"og:description\" content=\"Vorarbeiter-\/in oder Meister-\/in im Garten- &amp; Landschaftsbau Wir suchen Verst\u00e4rkung f\u00fcr unser Team! F\u00fcr unseren Leistungsbereich Garten- und Landschaftsbau suchen wir ab sofort einen motivierten und kreativen Mitarbeiter.Wir sind ein mittelst\u00e4ndiges Unternehmen mit 22 Mitarbeitern. Seit 40 Jahren sind wir erfolgreich im Gewerbe- &amp; Privatgartenbereich t\u00e4tig. Dein Einsatzort: im Ort und Umgebung Dein Einsatzbeginn: ab...\" \/>\n<meta property=\"og:url\" content=\"https:\/\/gartenbau-woll.de\/?page_id=150\" \/>\n<meta property=\"og:site_name\" content=\"Woll | Garten- &amp; Landschaftsbau\" \/>\n<meta property=\"article:publisher\" content=\"https:\/\/www.facebook.com\/Gartenbauwoll\/\" \/>\n<meta property=\"article:modified_time\" content=\"2022-01-19T09:52:06+00:00\" \/>\n<meta property=\"og:image\" content=\"https:\/\/www.gartenbau-woll.de\/wp-content\/uploads\/2020\/04\/stellenanzeige-1024x219.jpg\" \/>\n<meta name=\"twitter:card\" content=\"summary_large_image\" \/>\n<meta name=\"twitter:label1\" content=\"Gesch\u00e4tzte Lesezeit\" \/>\n\t<meta name=\"twitter:data1\" content=\"3\u00a0Minuten\" \/>\n<script type=\"application\/ld+json\" class=\"yoast-schema-graph\">{\"@context\":\"https:\/\/schema.org\",\"@graph\":[{\"@type\":\"WebPage\",\"@id\":\"https:\/\/gartenbau-woll.de\/?page_id=150\",\"url\":\"https:\/\/gartenbau-woll.de\/?page_id=150\",\"name\":\"Stellenangebote - Woll | Garten- &amp; Landschaftsbau\",\"isPartOf\":{\"@id\":\"https:\/\/gartenbau-woll.de\/#website\"},\"datePublished\":\"2016-02-10T16:39:54+00:00\",\"dateModified\":\"2022-01-19T09:52:06+00:00\",\"breadcrumb\":{\"@id\":\"https:\/\/gartenbau-woll.de\/?page_id=150#breadcrumb\"},\"inLanguage\":\"de\",\"potentialAction\":[{\"@type\":\"ReadAction\",\"target\":[\"https:\/\/gartenbau-woll.de\/?page_id=150\"]}]},{\"@type\":\"BreadcrumbList\",\"@id\":\"https:\/\/gartenbau-woll.de\/?page_id=150#breadcrumb\",\"itemListElement\":[{\"@type\":\"ListItem\",\"position\":1,\"name\":\"Startseite\",\"item\":\"https:\/\/gartenbau-woll.de\/\"},{\"@type\":\"ListItem\",\"position\":2,\"name\":\"Stellenangebote\"}]},{\"@type\":\"WebSite\",\"@id\":\"https:\/\/gartenbau-woll.de\/#website\",\"url\":\"https:\/\/gartenbau-woll.de\/\",\"name\":\"Woll | Garten- und Landschaftsbau\",\"description\":\"\",\"publisher\":{\"@id\":\"https:\/\/gartenbau-woll.de\/#organization\"},\"potentialAction\":[{\"@type\":\"SearchAction\",\"target\":{\"@type\":\"EntryPoint\",\"urlTemplate\":\"https:\/\/gartenbau-woll.de\/?s={search_term_string}\"},\"query-input\":\"required name=search_term_string\"}],\"inLanguage\":\"de\"},{\"@type\":\"Organization\",\"@id\":\"https:\/\/gartenbau-woll.de\/#organization\",\"name\":\"Woll | Garten- und Landschaftsbau\",\"url\":\"https:\/\/gartenbau-woll.de\/\",\"sameAs\":[\"https:\/\/www.facebook.com\/Gartenbauwoll\/\"],\"logo\":{\"@type\":\"ImageObject\",\"inLanguage\":\"de\",\"@id\":\"https:\/\/gartenbau-woll.de\/#\/schema\/logo\/image\/\",\"url\":\"https:\/\/www.gartenbau-woll.de\/wp-content\/uploads\/2021\/04\/logo_weiss.png\",\"contentUrl\":\"https:\/\/www.gartenbau-woll.de\/wp-content\/uploads\/2021\/04\/logo_weiss.png\",\"width\":1116,\"height\":1116,\"caption\":\"Woll | Garten- und Landschaftsbau\"},\"image\":{\"@id\":\"https:\/\/gartenbau-woll.de\/#\/schema\/logo\/image\/\"}}]}<\/script>\n<!-- \/ Yoast SEO plugin. -->","yoast_head_json":{"title":"Stellenangebote - Woll | Garten- &amp; Landschaftsbau","robots":{"index":"index","follow":"follow","max-snippet":"max-snippet:-1","max-image-preview":"max-image-preview:large","max-video-preview":"max-video-preview:-1"},"canonical":"https:\/\/gartenbau-woll.de\/?page_id=150","og_locale":"de_DE","og_type":"article","og_title":"Stellenangebote - Woll | Garten- &amp; Landschaftsbau","og_description":"Vorarbeiter-\/in oder Meister-\/in im Garten- &amp; Landschaftsbau Wir suchen Verst\u00e4rkung f\u00fcr unser Team! F\u00fcr unseren Leistungsbereich Garten- und Landschaftsbau suchen wir ab sofort einen motivierten und kreativen Mitarbeiter.Wir sind ein mittelst\u00e4ndiges Unternehmen mit 22 Mitarbeitern. Seit 40 Jahren sind wir erfolgreich im Gewerbe- &amp; Privatgartenbereich t\u00e4tig. Dein Einsatzort: im Ort und Umgebung Dein Einsatzbeginn: ab...","og_url":"https:\/\/gartenbau-woll.de\/?page_id=150","og_site_name":"Woll | Garten- &amp; Landschaftsbau","article_publisher":"https:\/\/www.facebook.com\/Gartenbauwoll\/","article_modified_time":"2022-01-19T09:52:06+00:00","og_image":[{"url":"https:\/\/www.gartenbau-woll.de\/wp-content\/uploads\/2020\/04\/stellenanzeige-1024x219.jpg"}],"twitter_card":"summary_large_image","twitter_misc":{"Gesch\u00e4tzte Lesezeit":"3\u00a0Minuten"},"schema":{"@context":"https:\/\/schema.org","@graph":[{"@type":"WebPage","@id":"https:\/\/gartenbau-woll.de\/?page_id=150","url":"https:\/\/gartenbau-woll.de\/?page_id=150","name":"Stellenangebote - Woll | Garten- &amp; Landschaftsbau","isPartOf":{"@id":"https:\/\/gartenbau-woll.de\/#website"},"datePublished":"2016-02-10T16:39:54+00:00","dateModified":"2022-01-19T09:52:06+00:00","breadcrumb":{"@id":"https:\/\/gartenbau-woll.de\/?page_id=150#breadcrumb"},"inLanguage":"de","potentialAction":[{"@type":"ReadAction","target":["https:\/\/gartenbau-woll.de\/?page_id=150"]}]},{"@type":"BreadcrumbList","@id":"https:\/\/gartenbau-woll.de\/?page_id=150#breadcrumb","itemListElement":[{"@type":"ListItem","position":1,"name":"Startseite","item":"https:\/\/gartenbau-woll.de\/"},{"@type":"ListItem","position":2,"name":"Stellenangebote"}]},{"@type":"WebSite","@id":"https:\/\/gartenbau-woll.de\/#website","url":"https:\/\/gartenbau-woll.de\/","name":"Woll | Garten- und Landschaftsbau","description":"","publisher":{"@id":"https:\/\/gartenbau-woll.de\/#organization"},"potentialAction":[{"@type":"SearchAction","target":{"@type":"EntryPoint","urlTemplate":"https:\/\/gartenbau-woll.de\/?s={search_term_string}"},"query-input":"required name=search_term_string"}],"inLanguage":"de"},{"@type":"Organization","@id":"https:\/\/gartenbau-woll.de\/#organization","name":"Woll | Garten- und Landschaftsbau","url":"https:\/\/gartenbau-woll.de\/","sameAs":["https:\/\/www.facebook.com\/Gartenbauwoll\/"],"logo":{"@type":"ImageObject","inLanguage":"de","@id":"https:\/\/gartenbau-woll.de\/#\/schema\/logo\/image\/","url":"https:\/\/www.gartenbau-woll.de\/wp-content\/uploads\/2021\/04\/logo_weiss.png","contentUrl":"https:\/\/www.gartenbau-woll.de\/wp-content\/uploads\/2021\/04\/logo_weiss.png","width":1116,"height":1116,"caption":"Woll | Garten- und Landschaftsbau"},"image":{"@id":"https:\/\/gartenbau-woll.de\/#\/schema\/logo\/image\/"}}]}},"_links":{"self":[{"href":"https:\/\/gartenbau-woll.de\/index.php?rest_route=\/wp\/v2\/pages\/150"}],"collection":[{"href":"https:\/\/gartenbau-woll.de\/index.php?rest_route=\/wp\/v2\/pages"}],"about":[{"href":"https:\/\/gartenbau-woll.de\/index.php?rest_route=\/wp\/v2\/types\/page"}],"author":[{"embeddable":true,"href":"https:\/\/gartenbau-woll.de\/index.php?rest_route=\/wp\/v2\/users\/1"}],"replies":[{"embeddable":true,"href":"https:\/\/gartenbau-woll.de\/index.php?rest_route=%2Fwp%2Fv2%2Fcomments&post=150"}],"version-history":[{"count":11,"href":"https:\/\/gartenbau-woll.de\/index.php?rest_route=\/wp\/v2\/pages\/150\/revisions"}],"predecessor-version":[{"id":552,"href":"https:\/\/gartenbau-woll.de\/index.php?rest_route=\/wp\/v2\/pages\/150\/revisions\/552"}],"wp:attachment":[{"href":"https:\/\/gartenbau-woll.de\/index.php?rest_route=%2Fwp%2Fv2%2Fmedia&parent=150"}],"curies":[{"name":"wp","href":"https:\/\/api.w.org\/{rel}","templated":true}]}}